{"id":363,"date":"2017-11-23T16:22:10","date_gmt":"2017-11-23T15:22:10","guid":{"rendered":"https:\/\/emd-cm.cat\/com-ens-organitzem\/"},"modified":"2026-01-20T23:50:41","modified_gmt":"2026-01-20T22:50:41","slug":"como-nos-organizamos","status":"publish","type":"page","link":"https:\/\/emd-cm.cat\/es\/como-nos-organizamos\/","title":{"rendered":"\u00bfC\u00f3mo nos organizamos?"},"content":{"rendered":"<div id=\"pl-363\"  class=\"panel-layout\" ><div id=\"pg-363-0\"  class=\"panel-grid panel-has-style\"  style=\"margin-bottom: 0px;margin-left: 0px;margin-right: 0px;\" ><div class=\"page-title siteorigin-panels-stretch kt-panel-row-stretch panel-row-style panel-row-style-for-363-0\" style=\"background-image: url(https:\/\/emd-cm.cat\/wp-content\/uploads\/2017\/11\/com-es-organitzem.jpg);background-size: cover;background-position: center center;visibility: hidden;\" data-stretch-type=\"full\" ><div id=\"pgc-363-0-0\"  class=\"panel-grid-cell\" ><div id=\"panel-363-0-0-0\" class=\"so-panel widget widget_black-studio-tinymce widget_black_studio_tinymce panel-first-child panel-last-child\" data-index=\"0\" ><div class=\"textwidget\"><h1 style=\"text-align: center;\">\u00bfC\u00d3MO NOS ORGANIZAMOS?<\/h1>\n<\/div><\/div><\/div><\/div><\/div><div id=\"pg-363-1\"  class=\"panel-grid panel-has-style\" ><div class=\"panel-widget-style panel-row-style panel-row-style-for-363-1\" ><div id=\"pgc-363-1-0\"  class=\"panel-grid-cell\" ><div id=\"panel-363-1-0-0\" class=\"so-panel widget widget_black-studio-tinymce widget_black_studio_tinymce panel-first-child panel-last-child\" data-index=\"1\" ><div class=\"textwidget\"><h2 style=\"text-align: center;\">Los Equipos en el Mundo se distribuyen por \u00e1reas m\u00e1s o menos geogr\u00e1ficas, en las cuales se aplica el principio de ayuda mutua: pa\u00edses m\u00e1s ricos y avanzados con pa\u00edses m\u00e1s pobres y necesitados, para ayudarnos mutuamente a crecer.<\/h2>\n<\/div><\/div><\/div><\/div><\/div><div id=\"pg-363-2\"  class=\"panel-grid panel-has-style\" ><div class=\"panel-widget-style panel-row-style panel-row-style-for-363-2\" ><div id=\"pgc-363-2-0\"  class=\"panel-grid-cell\" ><div id=\"panel-363-2-0-0\" class=\"so-panel widget widget_black-studio-tinymce widget_black_studio_tinymce panel-first-child\" data-index=\"2\" ><div class=\"textwidget\"><h3>As\u00ed, los Equipos de Nuestra Se\u00f1ora est\u00e1n organizados geogr\u00e1ficamente en cuatro Zonas, dirigidas por un Equipo Responsable Internacional o ERI:<\/h3>\n<div class=\"center-content\">\n<ul>\n<li>Zona Am\u00e9rica<\/li>\n<li>Zona Europa Central<\/li>\n<li>Zona Eur\u00e1frica<\/li>\n<li>Zona Eurasia<\/li>\n<\/ul>\n<\/div>\n<p style=\"text-align: center;\">\n<p style=\"text-align: center;\">\n<p><img class=\"alignnone wp-image-6609 size-full\" src=\"https:\/\/emd-cm.cat\/wp-content\/uploads\/2024\/11\/ENS_ZONAS_2023.jpeg\" alt=\"\" width=\"800\" height=\"522\" \/><\/p>\n<p>&nbsp;<\/p>\n<p><img class=\"alignnone wp-image-6607 size-full\" src=\"https:\/\/emd-cm.cat\/wp-content\/uploads\/2024\/11\/ENS_Global_2023.jpeg\" alt=\"\" width=\"781\" height=\"521\" \/><\/p>\n<h3>Como Movimiento Internacional, los Equipos de Nuestra Se\u00f1ora, necesitan una estructura de organizaci\u00f3n que apoye a sus Equipos \u201cBase\u201d para:<\/h3>\n<div class=\"center-content\">\n<ul>\n<li>Mantener la unidad del Movimiento y la fidelidad a su Carisma a lo largo de todo el mundo<\/li>\n<li>Promover la apertura a los signos de los tiempos<\/li>\n<li>Mantener la uni\u00f3n con la Iglesia, dando respuesta a sus llamamientos a la misi\u00f3n evangelizadora<\/li>\n<li>Dar respuesta a las necesidades de formaci\u00f3n y a las preocupaciones de los matrimonios<\/li>\n<li>Dar las Orientaciones de vida a todos los equipistas<\/li>\n<\/ul>\n<\/div>\n<p style=\"text-align: center;\"><img class=\"aligncenter size-full wp-image-419\" src=\"https:\/\/emd-cm.cat\/wp-content\/uploads\/2018\/02\/como-nos-organizamos-Diapositiva3.jpg\" alt=\"Equips de la Mare de D\u00e9u\" width=\"960\" height=\"580\" \/><\/p>\n<\/div><\/div><div id=\"panel-363-2-0-1\" class=\"so-panel widget widget_black-studio-tinymce widget_black_studio_tinymce panel-last-child\" data-index=\"3\" ><div class=\"textwidget\"><p><strong>\u00a0 \u00a0Datos Responsables Catalu\u00f1a - Menorca 2025-26<\/strong><\/p>\n<p><img class=\"alignnone size-large wp-image-7370\" src=\"https:\/\/emd-cm.cat\/wp-content\/uploads\/2026\/01\/Responsables2025_26-623x1024.jpg\" alt=\"\" width=\"623\" height=\"1024\" \/><\/p>\n<\/div><\/div><\/div><\/div><\/div><div id=\"pg-363-3\"  class=\"panel-grid panel-no-style\" ><div id=\"pgc-363-3-0\"  class=\"panel-grid-cell\" ><div id=\"panel-363-3-0-0\" class=\"so-panel widget widget_virtue_about_with_image virtue_about_with_image panel-first-child\" data-index=\"4\" ><div class=\"kad_img_upload_widget kt-shape-type-kt-image-shape-standard kt-image-align-center kt-image-widget-widget-3-0-0\"><div class=\"kt-image-contain kt-image-shadow-none kt-image-shape-standard\"><div class=\"kt-image-inner-contain\"><img width=\"1920\" height=\"1280\" src=\"https:\/\/emd-cm.cat\/wp-content\/uploads\/2018\/01\/equip.jpg\" class=\"attachment-full size-full\" alt=\"Equips de la Mare de D\u00e9u\" loading=\"lazy\" srcset=\"https:\/\/emd-cm.cat\/wp-content\/uploads\/2018\/01\/equip.jpg 1920w, https:\/\/emd-cm.cat\/wp-content\/uploads\/2018\/01\/equip-300x200.jpg 300w, https:\/\/emd-cm.cat\/wp-content\/uploads\/2018\/01\/equip-768x512.jpg 768w, https:\/\/emd-cm.cat\/wp-content\/uploads\/2018\/01\/equip-1024x683.jpg 1024w, https:\/\/emd-cm.cat\/wp-content\/uploads\/2018\/01\/equip-1696x1130.jpg 1696w, https:\/\/emd-cm.cat\/wp-content\/uploads\/2018\/01\/equip-848x565.jpg 848w\" sizes=\"(max-width: 1920px) 100vw, 1920px\" \/><\/div><\/div><\/div><\/div><div id=\"panel-363-3-0-1\" class=\"so-panel widget widget_black-studio-tinymce widget_black_studio_tinymce panel-last-child\" data-index=\"5\" ><div class=\"textwidget\"><h3 style=\"text-align: center;\" class=\"title-height\"><strong>El Equipo<\/strong><\/h3>\n<p>Es la unidad b\u00e1sica, el n\u00facleo del movimiento y su caracter\u00edstica m\u00e1s propia. Y, al mismo tiempo, el elemento m\u00e1s diverso y particular: algunos est\u00e1n formados por amigos de la infancia, otros pasar\u00e1n a ser amigos cuando hacen equipo; algunos han crecido en el barrio, otros re\u00fanen matrimonios venidos de lejos; puede ser que tengan edades muy diferentes\u2026No importa, el equipo camina junto, acompa\u00f1ado de su consiliario (sacerdote o religioso).<\/p>\n<\/div><\/div><\/div><div id=\"pgc-363-3-1\"  class=\"panel-grid-cell\" ><div id=\"panel-363-3-1-0\" class=\"so-panel widget widget_virtue_about_with_image virtue_about_with_image panel-first-child\" data-index=\"6\" ><div class=\"kad_img_upload_widget kt-shape-type-kt-image-shape-standard kt-image-align-center kt-image-widget-widget-3-1-0\"><div class=\"kt-image-contain kt-image-shadow-none kt-image-shape-standard\"><div class=\"kt-image-inner-contain\"><img width=\"1920\" height=\"1280\" src=\"https:\/\/emd-cm.cat\/wp-content\/uploads\/2018\/01\/com-ens-organitzen-SECTOR.jpg\" class=\"attachment-full size-full\" alt=\"Equips de la Mare de D\u00e9u\" loading=\"lazy\" srcset=\"https:\/\/emd-cm.cat\/wp-content\/uploads\/2018\/01\/com-ens-organitzen-SECTOR.jpg 1920w, https:\/\/emd-cm.cat\/wp-content\/uploads\/2018\/01\/com-ens-organitzen-SECTOR-300x200.jpg 300w, https:\/\/emd-cm.cat\/wp-content\/uploads\/2018\/01\/com-ens-organitzen-SECTOR-768x512.jpg 768w, https:\/\/emd-cm.cat\/wp-content\/uploads\/2018\/01\/com-ens-organitzen-SECTOR-1024x683.jpg 1024w\" sizes=\"(max-width: 1920px) 100vw, 1920px\" \/><\/div><\/div><\/div><\/div><div id=\"panel-363-3-1-1\" class=\"so-panel widget widget_black-studio-tinymce widget_black_studio_tinymce panel-last-child\" data-index=\"7\" ><div class=\"textwidget\"><h3 style=\"text-align: center;\" class=\"title-height\"><strong>El Sector<\/strong><\/h3>\n<p>Est\u00e1 formado por un grupo de equipos cercanos que se quieren ayudar mutuamente y hacer ruta juntos: de cinco a veinte equipos, muy comunicados entre ellos, que celebran juntos su fe.<\/p>\n<p>La responsabilidad de un sector es confiada a un matrimonio, \"los responsables de sector\", con la ayuda y el consejo del consiliario de sector.<\/p>\n<p>Juntos viven y festejan los principales momentos del a\u00f1o: el inicio de curso, la Navidad, la celebraci\u00f3n de la Penitencia, la Pascua...<\/p>\n<\/div><\/div><\/div><div id=\"pgc-363-3-2\"  class=\"panel-grid-cell\" ><div id=\"panel-363-3-2-0\" class=\"so-panel widget widget_virtue_about_with_image virtue_about_with_image panel-first-child\" data-index=\"8\" ><div class=\"kad_img_upload_widget kt-shape-type-kt-image-shape-standard kt-image-align-center kt-image-widget-widget-3-2-0\"><div class=\"kt-image-contain kt-image-shadow-none kt-image-shape-standard\"><div class=\"kt-image-inner-contain\"><img width=\"800\" height=\"531\" src=\"https:\/\/emd-cm.cat\/wp-content\/uploads\/2018\/01\/els-sectors-sagupen_catalunya-menorca.jpg\" class=\"attachment-full size-full\" alt=\"Equips de la Mare de D\u00e9u\" loading=\"lazy\" srcset=\"https:\/\/emd-cm.cat\/wp-content\/uploads\/2018\/01\/els-sectors-sagupen_catalunya-menorca.jpg 800w, https:\/\/emd-cm.cat\/wp-content\/uploads\/2018\/01\/els-sectors-sagupen_catalunya-menorca-300x199.jpg 300w, https:\/\/emd-cm.cat\/wp-content\/uploads\/2018\/01\/els-sectors-sagupen_catalunya-menorca-768x510.jpg 768w\" sizes=\"(max-width: 800px) 100vw, 800px\" \/><\/div><\/div><\/div><\/div><div id=\"panel-363-3-2-1\" class=\"so-panel widget widget_black-studio-tinymce widget_black_studio_tinymce panel-last-child\" data-index=\"9\" ><div class=\"textwidget\"><h3 style=\"text-align: center;\" class=\"title-height\"><strong>Los sectores se agrupan en una regi\u00f3n<\/strong><\/h3>\n<p>Nuestra regi\u00f3n es Catalunya \u2013 Menorca, coordinada por un matrimonio responsable y el consiliario regional,  y su equipo regional.<\/p>\n<p>Y nuestra regi\u00f3n se incluye en la <a href=\"http:\/\/equiposens.org\/\" target=\"_blank\" rel=\"noopener\">Superregi\u00f3n de Espa\u00f1a<\/a>.<\/p>\n<\/div><\/div><\/div><\/div><\/div>","protected":false},"excerpt":{"rendered":"<p>\u00bfC\u00d3MO NOS ORGANIZAMOS? Los Equipos en el Mundo se distribuyen por \u00e1reas m\u00e1s o menos geogr\u00e1ficas, en las cuales se aplica el principio de ayuda mutua: pa\u00edses m\u00e1s ricos y avanzados con pa\u00edses m\u00e1s pobres y necesitados, para ayudarnos mutuamente &hellip; <a class=\"kt-excerpt-readmore\" href=\"https:\/\/emd-cm.cat\/es\/como-nos-organizamos\/\" aria-label=\"\u00bfC\u00f3mo nos organizamos?\">Leer m&aacute;s<\/a><\/p>\n","protected":false},"author":3,"featured_media":0,"parent":0,"menu_order":0,"comment_status":"closed","ping_status":"closed","template":"page-fullwidth.php","meta":{"_monsterinsights_skip_tracking":false,"_monsterinsights_sitenote_active":false,"_monsterinsights_sitenote_note":"","_monsterinsights_sitenote_category":0},"_links":{"self":[{"href":"https:\/\/emd-cm.cat\/es\/wp-json\/wp\/v2\/pages\/363"}],"collection":[{"href":"https:\/\/emd-cm.cat\/es\/wp-json\/wp\/v2\/pages"}],"about":[{"href":"https:\/\/emd-cm.cat\/es\/wp-json\/wp\/v2\/types\/page"}],"author":[{"embeddable":true,"href":"https:\/\/emd-cm.cat\/es\/wp-json\/wp\/v2\/users\/3"}],"replies":[{"embeddable":true,"href":"https:\/\/emd-cm.cat\/es\/wp-json\/wp\/v2\/comments?post=363"}],"version-history":[{"count":29,"href":"https:\/\/emd-cm.cat\/es\/wp-json\/wp\/v2\/pages\/363\/revisions"}],"predecessor-version":[{"id":7377,"href":"https:\/\/emd-cm.cat\/es\/wp-json\/wp\/v2\/pages\/363\/revisions\/7377"}],"wp:attachment":[{"href":"https:\/\/emd-cm.cat\/es\/wp-json\/wp\/v2\/media?parent=363"}],"curies":[{"name":"wp","href":"https:\/\/api.w.org\/{rel}","templated":true}]}}